{"id":588,"date":"2019-10-08T08:11:07","date_gmt":"2019-10-08T08:11:07","guid":{"rendered":"https:\/\/apartnachtigall-pitztal.at\/winter\/"},"modified":"2024-01-24T14:00:11","modified_gmt":"2024-01-24T14:00:11","slug":"winter","status":"publish","type":"page","link":"https:\/\/apartnachtigall-pitztal.at\/en\/winter\/","title":{"rendered":"Winter"},"content":{"rendered":"<div id='full_slider_1'  class='avia-fullwidth-slider main_color avia-shadow   avia-builder-el-0  el_before_av_section  avia-builder-el-first   container_wrap fullsize'  ><div  class='avia-slideshow av-k1q5m2ab-178b11a277ffba509cb1ad05f1081d5f avia-slideshow-featured av_slideshow_full avia-slide-slider av-slideshow-ui av-control-default av-slideshow-autoplay av-loop-endless av-loop-manual-endless av-default-height-applied   avia-slideshow-1' data-slideshow-options=\"{&quot;animation&quot;:&quot;slide&quot;,&quot;autoplay&quot;:true,&quot;loop_autoplay&quot;:&quot;endless&quot;,&quot;interval&quot;:4,&quot;loop_manual&quot;:&quot;manual-endless&quot;,&quot;autoplay_stopper&quot;:false,&quot;noNavigation&quot;:false,&quot;bg_slider&quot;:false,&quot;keep_padding&quot;:false,&quot;hoverpause&quot;:false,&quot;show_slide_delay&quot;:0}\"  itemprop=\"image\" itemscope=\"itemscope\" itemtype=\"https:\/\/schema.org\/ImageObject\" ><ul class='avia-slideshow-inner ' style='padding-bottom: 28.666666666667%;'><li  class='avia-slideshow-slide av-k1q5m2ab-178b11a277ffba509cb1ad05f1081d5f__0  slide-1 slide-odd'><div data-rel='slideshow-1' class='avia-slide-wrap '   ><img class=\"wp-image-869 avia-img-lazy-loading-not-869\"  src=\"https:\/\/apartnachtigall-pitztal.at\/wp-content\/uploads\/2019\/10\/TVB-Pitztal-Chris-Walch-Breonix-FotoDesign-1500x430.jpg\" width=\"1500\" height=\"430\" title='' alt=''  itemprop=\"thumbnailUrl\"  style='min-height:300px; min-width:1047px; ' \/><\/div><\/li><li  class='avia-slideshow-slide av-k1q5m2ab-178b11a277ffba509cb1ad05f1081d5f__1  slide-2 slide-even'><div data-rel='slideshow-1' class='avia-slide-wrap '   ><img class=\"wp-image-945 avia-img-lazy-loading-not-945\"  src=\"https:\/\/apartnachtigall-pitztal.at\/wp-content\/uploads\/2019\/10\/TVB-Pitztal-Skitour-Pitztaler-Gletscher-1500x430.jpg\" width=\"1500\" height=\"430\" title='TVB-Pitztal-Skitour-Pitztaler-Gletscher' alt=''  itemprop=\"thumbnailUrl\"  style='min-height:300px; min-width:1047px; ' \/><\/div><\/li><li  class='avia-slideshow-slide av-k1q5m2ab-178b11a277ffba509cb1ad05f1081d5f__2  slide-3 slide-odd'><div data-rel='slideshow-1' class='avia-slide-wrap '   ><img class=\"wp-image-589 avia-img-lazy-loading-not-589\"  src=\"https:\/\/apartnachtigall-pitztal.at\/wp-content\/uploads\/2019\/10\/Hochzeiger-Bergbahnen-Daniel-Zangerl-1500x430.jpg\" width=\"1500\" height=\"430\" title='' alt=''  itemprop=\"thumbnailUrl\"  style='min-height:300px; min-width:1047px; ' \/><\/div><\/li><\/ul><div class='avia-slideshow-arrows avia-slideshow-controls' ><a href='#prev' class='prev-slide ' aria-hidden='true' data-av_icon='\ue87c' data-av_iconfont='entypo-fontello'  tabindex='-1'>Previous<\/a><a href='#next' class='next-slide ' aria-hidden='true' data-av_icon='\ue87d' data-av_iconfont='entypo-fontello'  tabindex='-1'>Next<\/a><\/div><div class='avia-slideshow-dots avia-slideshow-controls'><a href='#1' class='goto-slide active' >1<\/a><a href='#2' class='goto-slide ' >2<\/a><a href='#3' class='goto-slide ' >3<\/a><\/div><\/div><\/div>\n<div id='av_section_1'  class='avia-section av-8g7g-adeeec871d2c75ce9112bd6e3e391bf4 main_color avia-section-default avia-no-border-styling  avia-builder-el-1  el_after_av_slideshow_full  el_before_av_section  avia-bg-style-scroll container_wrap fullsize'  ><div class='container av-section-cont-open' ><div class='template-page content  av-content-full alpha units'><div class='post-entry post-entry-type-page post-entry-588'><div class='entry-content-wrapper clearfix'>\n\n<style type=\"text\/css\" data-created_by=\"avia_inline_auto\" id=\"style-css-av-k2u3xc9i-db4d20e565fe56a4ebeeb931a28b12ca\">\n#top .av-special-heading.av-k2u3xc9i-db4d20e565fe56a4ebeeb931a28b12ca{\npadding-bottom:30px;\n}\nbody .av-special-heading.av-k2u3xc9i-db4d20e565fe56a4ebeeb931a28b12ca .av-special-heading-tag .heading-char{\nfont-size:25px;\n}\n.av-special-heading.av-k2u3xc9i-db4d20e565fe56a4ebeeb931a28b12ca .av-subheading{\nfont-size:15px;\n}\n<\/style>\n<div  class='av-special-heading av-k2u3xc9i-db4d20e565fe56a4ebeeb931a28b12ca av-special-heading-h1 blockquote modern-quote  avia-builder-el-2  el_before_av_one_half  avia-builder-el-first '><h1 class='av-special-heading-tag'  itemprop=\"headline\"  >Winter in the Pitztal<\/h1><div class=\"special-heading-border\"><div class=\"special-heading-inner-border\"><\/div><\/div><\/div>\n<div class='flex_column_table av-5gry-c07fde86a4f741dcd74c0f913d11c73c sc-av_one_half av-break-at-tablet-flextable av-equal-height-column-flextable'>\n<style type=\"text\/css\" data-created_by=\"avia_inline_auto\" id=\"style-css-av-5gry-c07fde86a4f741dcd74c0f913d11c73c\">\n.flex_column.av-5gry-c07fde86a4f741dcd74c0f913d11c73c{\n-webkit-border-radius:0px 0px 0px 0px;\n-moz-border-radius:0px 0px 0px 0px;\nborder-radius:0px 0px 0px 0px;\npadding:0px 0px 0px 0px;\n}\n<\/style>\n<div class='flex_column av-5gry-c07fde86a4f741dcd74c0f913d11c73c av_one_half  avia-builder-el-3  el_after_av_heading  el_before_av_one_half  first av-break-at-tablet flex_column_table_cell av-equal-height-column av-align-top av-animated-generic left-to-right av-zero-column-padding '     ><section  class='av_textblock_section av-k1hoksob-b3b690ca450708f57c0731dd5b110017'  itemscope=\"itemscope\" itemtype=\"https:\/\/schema.org\/CreativeWork\" ><div class='avia_textblock'  itemprop=\"text\" ><p>Enjoy in winter with your family or friends your ski holiday in our beautiful Pitztal in the Hochzeiger Skiarena (2,450m) with the nine lifts and 40km of perfectly groomed slopes or on the beautiful Pitztal Glacier with Austria&#8217;s highest restaurant at 3,440m.<\/p>\n<\/div><\/section><\/div><div class='av-flex-placeholder'><\/div>\n<style type=\"text\/css\" data-created_by=\"avia_inline_auto\" id=\"style-css-av-5gry-16-1bd762c78e2fa01fc9aec532722f2a8e\">\n.flex_column.av-5gry-16-1bd762c78e2fa01fc9aec532722f2a8e{\n-webkit-border-radius:0px 0px 0px 0px;\n-moz-border-radius:0px 0px 0px 0px;\nborder-radius:0px 0px 0px 0px;\npadding:0px 0px 0px 0px;\n}\n<\/style>\n<div class='flex_column av-5gry-16-1bd762c78e2fa01fc9aec532722f2a8e av_one_half  avia-builder-el-5  el_after_av_one_half  avia-builder-el-last  av-break-at-tablet flex_column_table_cell av-equal-height-column av-align-top av-animated-generic left-to-right av-zero-column-padding '     ><section  class='av_textblock_section av-k1hoksob-15-a44645430fbf249ccc2ff54ca7c94c0a'  itemscope=\"itemscope\" itemtype=\"https:\/\/schema.org\/CreativeWork\" ><div class='avia_textblock'  itemprop=\"text\" ><p>The hourly free ski bus in front of our door (70m) brings you in a quarter of an hour directly to the valley station of the Hochzeiger cable cars, where we provide you with a free ski depot for your equipment!<\/p>\n<\/div><\/section><\/div><\/div><!--close column table wrapper. Autoclose: 1 -->\n\n<\/div><\/div><\/div><!-- close content main div --><\/div><\/div><div id='av_section_2'  class='avia-section av-11p9n-f99d1b62f40d040c940f90ae08ff3ed2 main_color avia-section-default avia-no-border-styling  avia-builder-el-7  el_after_av_section  el_before_av_section  avia-bg-style-scroll container_wrap fullsize'  ><div class='container av-section-cont-open' ><div class='template-page content  av-content-full alpha units'><div class='post-entry post-entry-type-page post-entry-588'><div class='entry-content-wrapper clearfix'>\n\n<style type=\"text\/css\" data-created_by=\"avia_inline_auto\" id=\"style-css-av-w1hx0-d80976fa417986bbbb761e33eecc5e68\">\n.flex_column.av-w1hx0-d80976fa417986bbbb761e33eecc5e68{\n-webkit-border-radius:0px 0px 0px 0px;\n-moz-border-radius:0px 0px 0px 0px;\nborder-radius:0px 0px 0px 0px;\npadding:0px 0px 0px 0px;\n}\n<\/style>\n<div class='flex_column av-w1hx0-d80976fa417986bbbb761e33eecc5e68 av_one_half  avia-builder-el-8  el_before_av_one_half  avia-builder-el-first  first flex_column_div av-zero-column-padding '     ><article  class='iconbox iconbox_left av-lrrqlua4-7bbc93b6e0e390637d4ea78604cc7e31  avia-builder-el-9  avia-builder-el-no-sibling '  itemscope=\"itemscope\" itemtype=\"https:\/\/schema.org\/CreativeWork\" ><div class=\"iconbox_content\"><header class=\"entry-content-header\"><div class=\"iconbox_icon heading-color\" aria-hidden='true' data-av_icon='\uf1b9' data-av_iconfont='fontello'><\/div><h3 class='iconbox_content_title '  itemprop=\"headline\" >Go-kart racing, paintball, 3D minigolf<\/h3><\/header><div class='iconbox_content_container '  itemprop=\"text\" ><p>The Motorsport Arena Tirol offers racing excitement for young and old. There is no age limit for driving the go-karts. However, a minimum height of 150 cm is required!<br \/>\nThe 3D mini golf course offers a variety of different challenges with 18 courses in a cool 3D environment, each with its own charm.<br \/>\nWatch out, friends of the colourful battle! Our paintball battlefield, right next to the Motorsport Arena, is ready-to-rumble and at the disposal of your brave fighting force. Enjoy the merciless paintball fun.<\/p>\n<p>\n<style type=\"text\/css\" data-created_by=\"avia_inline_auto\" id=\"style-css-av-qn838-2ff68a308e0fc6220a5981d4403167b1\">\n.av_font_icon.av-qn838-2ff68a308e0fc6220a5981d4403167b1 .av-icon-char{\nfont-size:20px;\nline-height:20px;\n}\n<\/style>\n<span  class='av_font_icon av-qn838-2ff68a308e0fc6220a5981d4403167b1 avia_animate_when_visible av-icon-style- avia-icon-pos-left av-no-color avia-icon-animate'><span class='av-icon-char' aria-hidden='true' data-av_icon='\uf1b9' data-av_iconfont='fontello' ><\/span><\/span> Driving time: 20 minutes<\/p>\n<p>\n<style type=\"text\/css\" data-created_by=\"avia_inline_auto\" id=\"style-css-av-m5wzo-74920594408b21ccae3a836d1f221647\">\n.av_font_icon.av-m5wzo-74920594408b21ccae3a836d1f221647 .av-icon-char{\nfont-size:20px;\nline-height:20px;\n}\n<\/style>\n<span  class='av_font_icon av-m5wzo-74920594408b21ccae3a836d1f221647 avia_animate_when_visible av-icon-style- avia-icon-pos-left av-no-color avia-icon-animate'><span class='av-icon-char' aria-hidden='true' data-av_icon='\ue81f' data-av_iconfont='entypo-fontello' ><\/span><\/span> <a href=\"https:\/\/www.motorsport-arena.at\/\">more<\/a><\/p>\n<\/div><\/div><footer class=\"entry-footer\"><\/footer><\/article><\/div>\n<style type=\"text\/css\" data-created_by=\"avia_inline_auto\" id=\"style-css-av-12nmg4-b85dfb57a42e595c8d0443818570e046\">\n.flex_column.av-12nmg4-b85dfb57a42e595c8d0443818570e046{\n-webkit-border-radius:0px 0px 0px 0px;\n-moz-border-radius:0px 0px 0px 0px;\nborder-radius:0px 0px 0px 0px;\npadding:0px 0px 0px 0px;\n}\n<\/style>\n<div class='flex_column av-12nmg4-b85dfb57a42e595c8d0443818570e046 av_one_half  avia-builder-el-12  el_after_av_one_half  el_before_av_one_half  flex_column_div av-zero-column-padding '     ><article  class='iconbox iconbox_left av-lrrs00at-45ad3f2c894d385c2e91f166449d6831  avia-builder-el-13  avia-builder-el-no-sibling '  itemscope=\"itemscope\" itemtype=\"https:\/\/schema.org\/CreativeWork\" ><div class=\"iconbox_content\"><header class=\"entry-content-header\"><div class=\"iconbox_icon heading-color\" aria-hidden='true' data-av_icon='\ue801' data-av_iconfont='nachtigall'><\/div><h3 class='iconbox_content_title '  itemprop=\"headline\" >Starkenberg Castle beer festival, Tarrenz<\/h3><\/header><div class='iconbox_content_container '  itemprop=\"text\" ><p>On a display area of over 4,000 square metres, you will not only learn interesting facts about the history of the art of brewing at Starkenberg Castle, but also about the health-promoting effects of barley juice. Stroll through the medieval vaults, corridors and rooms in the footsteps of the Starkenberg brewing tradition! Group tour incl. beer tasting and castle parlour.<\/p>\n<p>\n<style type=\"text\/css\" data-created_by=\"avia_inline_auto\" id=\"style-css-av-xyvlo-496aa82d90678c4382ada6ba407e09d5\">\n.av_font_icon.av-xyvlo-496aa82d90678c4382ada6ba407e09d5 .av-icon-char{\nfont-size:20px;\nline-height:20px;\n}\n<\/style>\n<span  class='av_font_icon av-xyvlo-496aa82d90678c4382ada6ba407e09d5 avia_animate_when_visible av-icon-style- avia-icon-pos-left av-no-color avia-icon-animate'><span class='av-icon-char' aria-hidden='true' data-av_icon='\uf1b9' data-av_iconfont='fontello' ><\/span><\/span> Driving time: 20 minutes<\/p>\n<p>\n<style type=\"text\/css\" data-created_by=\"avia_inline_auto\" id=\"style-css-av-2olb0-6f55792588428a8d0b03712b5f9dd86f\">\n.av_font_icon.av-2olb0-6f55792588428a8d0b03712b5f9dd86f .av-icon-char{\nfont-size:20px;\nline-height:20px;\n}\n<\/style>\n<span  class='av_font_icon av-2olb0-6f55792588428a8d0b03712b5f9dd86f avia_animate_when_visible av-icon-style- avia-icon-pos-left av-no-color avia-icon-animate'><span class='av-icon-char' aria-hidden='true' data-av_icon='\ue81f' data-av_iconfont='entypo-fontello' ><\/span><\/span> <a href=\"https:\/\/www.starkenberger.at\/\">more<\/a><\/p>\n<\/div><\/div><footer class=\"entry-footer\"><\/footer><\/article><\/div>\n<style type=\"text\/css\" data-created_by=\"avia_inline_auto\" id=\"style-css-av-lqfw4-6365d0aa8ebe6f9aadfec0865c9e2f09\">\n.flex_column.av-lqfw4-6365d0aa8ebe6f9aadfec0865c9e2f09{\n-webkit-border-radius:0px 0px 0px 0px;\n-moz-border-radius:0px 0px 0px 0px;\nborder-radius:0px 0px 0px 0px;\npadding:0px 0px 0px 0px;\n}\n<\/style>\n<div class='flex_column av-lqfw4-6365d0aa8ebe6f9aadfec0865c9e2f09 av_one_half  avia-builder-el-16  el_after_av_one_half  el_before_av_one_half  first flex_column_div av-zero-column-padding column-top-margin'     ><article  class='iconbox iconbox_left av-lrrs2c4p-592cc77dcccd55ec3dcc7e0850a3e01b  avia-builder-el-17  avia-builder-el-no-sibling '  itemscope=\"itemscope\" itemtype=\"https:\/\/schema.org\/CreativeWork\" ><div class=\"iconbox_content\"><header class=\"entry-content-header\"><div class=\"iconbox_icon heading-color\" aria-hidden='true' data-av_icon='\ue800' data-av_iconfont='nachtigall'><\/div><h3 class='iconbox_content_title '  itemprop=\"headline\" >Capricorn Centre<\/h3><\/header><div class='iconbox_content_container '  itemprop=\"text\" ><p>The Tyrolean Ibex Centre is dedicated to the eventful history of the relationship between man, nature and culture in the Pitztal.<br \/>\nIt sees itself as a service centre for environmental education, as a place to present the culture of remembrance and as a meeting place for curious people. We communicate all these offers in a visitor-friendly and realistic way.<\/p>\n<p>\n<style type=\"text\/css\" data-created_by=\"avia_inline_auto\" id=\"style-css-av-eub0s-7a91f70775aadd818986adfb34675633\">\n.av_font_icon.av-eub0s-7a91f70775aadd818986adfb34675633 .av-icon-char{\nfont-size:20px;\nline-height:20px;\n}\n<\/style>\n<span  class='av_font_icon av-eub0s-7a91f70775aadd818986adfb34675633 avia_animate_when_visible av-icon-style- avia-icon-pos-left av-no-color avia-icon-animate'><span class='av-icon-char' aria-hidden='true' data-av_icon='\uf1b9' data-av_iconfont='fontello' ><\/span><\/span> Driving time: 22 minutes<\/p>\n<p>\n<style type=\"text\/css\" data-created_by=\"avia_inline_auto\" id=\"style-css-av-a8chg-d97258946e52c36cf23095d632367c7e\">\n.av_font_icon.av-a8chg-d97258946e52c36cf23095d632367c7e .av-icon-char{\nfont-size:20px;\nline-height:20px;\n}\n<\/style>\n<span  class='av_font_icon av-a8chg-d97258946e52c36cf23095d632367c7e avia_animate_when_visible av-icon-style- avia-icon-pos-left av-no-color avia-icon-animate'><span class='av-icon-char' aria-hidden='true' data-av_icon='\ue81f' data-av_iconfont='entypo-fontello' ><\/span><\/span> <a href=\"https:\/\/www.steinbockzentrum.tirol\/en\/Ibex_center\">more<\/a><\/p>\n<\/div><\/div><footer class=\"entry-footer\"><\/footer><\/article><\/div>\n<style type=\"text\/css\" data-created_by=\"avia_inline_auto\" id=\"style-css-av-y163-01cc77f833bb625203eeacaa5db2cb63\">\n.flex_column.av-y163-01cc77f833bb625203eeacaa5db2cb63{\n-webkit-border-radius:0px 0px 0px 0px;\n-moz-border-radius:0px 0px 0px 0px;\nborder-radius:0px 0px 0px 0px;\npadding:0px 0px 0px 0px;\n}\n<\/style>\n<div class='flex_column av-y163-01cc77f833bb625203eeacaa5db2cb63 av_one_half  avia-builder-el-20  el_after_av_one_half  el_before_av_one_half  flex_column_div av-zero-column-padding column-top-margin'     ><article  class='iconbox iconbox_left av-k1q714i1-216d9ef91f00323c6bab977c3164b8eb  avia-builder-el-21  avia-builder-el-no-sibling '  itemscope=\"itemscope\" itemtype=\"https:\/\/schema.org\/CreativeWork\" ><div class=\"iconbox_content\"><header class=\"entry-content-header\"><div class=\"iconbox_icon heading-color\" aria-hidden='true' data-av_icon='\ue836' data-av_iconfont='fontello'><\/div><h3 class='iconbox_content_title '  itemprop=\"headline\" >Ski area Hochzeiger<\/h3><\/header><div class='iconbox_content_container '  itemprop=\"text\" ><p>The Hochzeiger family ski area has the ideal size for a perfect family skiing day with its nine lifts and 40 km of pistes in all levels of difficulty.<\/p>\n\n<style type=\"text\/css\" data-created_by=\"avia_inline_auto\" id=\"style-css-av-1lynz-1a72a03d147680daa7f93db44d543bb2\">\n.av_font_icon.av-1lynz-1a72a03d147680daa7f93db44d543bb2 .av-icon-char{\nfont-size:20px;\nline-height:20px;\n}\n<\/style>\n<span  class='av_font_icon av-1lynz-1a72a03d147680daa7f93db44d543bb2 avia_animate_when_visible av-icon-style- avia-icon-pos-left av-no-color avia-icon-animate'><span class='av-icon-char' aria-hidden='true' data-av_icon='\uf1b9' data-av_iconfont='fontello' ><\/span><\/span>\n<p>Driving time: 13 minutes<\/p>\n<p>\n<style type=\"text\/css\" data-created_by=\"avia_inline_auto\" id=\"style-css-av-womv-2e06bd7bb52230c620bfe48f66d0b184\">\n.av_font_icon.av-womv-2e06bd7bb52230c620bfe48f66d0b184 .av-icon-char{\nfont-size:20px;\nline-height:20px;\n}\n<\/style>\n<span  class='av_font_icon av-womv-2e06bd7bb52230c620bfe48f66d0b184 avia_animate_when_visible av-icon-style- avia-icon-pos-left av-no-color avia-icon-animate'><span class='av-icon-char' aria-hidden='true' data-av_icon='\ue800' data-av_iconfont='fontello' ><\/span><\/span> <a href=\"https:\/\/webtv.feratel.com\/webtv\/?cam=25580&amp;design=v3&amp;c0=0&amp;c1=0&amp;c2=0&amp;c11=0&amp;lg=de&amp;s=0\/?iframe=true\" target=\"_blank\" rel=\"noopener\">Webcam<\/a><\/p>\n<\/div><\/div><footer class=\"entry-footer\"><\/footer><\/article><\/div>\n<style type=\"text\/css\" data-created_by=\"avia_inline_auto\" id=\"style-css-av-y163-14-35e33930cc38e84aff391192558a640d\">\n.flex_column.av-y163-14-35e33930cc38e84aff391192558a640d{\n-webkit-border-radius:0px 0px 0px 0px;\n-moz-border-radius:0px 0px 0px 0px;\nborder-radius:0px 0px 0px 0px;\npadding:0px 0px 0px 0px;\n}\n<\/style>\n<div class='flex_column av-y163-14-35e33930cc38e84aff391192558a640d av_one_half  avia-builder-el-24  el_after_av_one_half  el_before_av_one_half  first flex_column_div av-zero-column-padding column-top-margin'     ><article  class='iconbox iconbox_left av-k1q714i1-13-784e6b9fd417602ddb38c127b0cfb92c  avia-builder-el-25  avia-builder-el-no-sibling '  itemscope=\"itemscope\" itemtype=\"https:\/\/schema.org\/CreativeWork\" ><div class=\"iconbox_content\"><header class=\"entry-content-header\"><div class=\"iconbox_icon heading-color\" aria-hidden='true' data-av_icon='\ue836' data-av_iconfont='fontello'><\/div><h3 class='iconbox_content_title '  itemprop=\"headline\" >Ski area Rifflsee<\/h3><\/header><div class='iconbox_content_container '  itemprop=\"text\" ><p>The small but fine alternative to the Pitztal Glacier is the Riffelsee ski area. Light, medium and heavy runs are waiting for the skiers &#8211; the valley run leads directly to the valley station of the glacier railway. Due to its altitude, snow is guaranteed throughout the winter.<\/p>\n\n<style type=\"text\/css\" data-created_by=\"avia_inline_auto\" id=\"style-css-av-2tnnr-6885372ef183791162d196fc3801c85e\">\n.av_font_icon.av-2tnnr-6885372ef183791162d196fc3801c85e .av-icon-char{\nfont-size:20px;\nline-height:20px;\n}\n<\/style>\n<span  class='av_font_icon av-2tnnr-6885372ef183791162d196fc3801c85e avia_animate_when_visible av-icon-style- avia-icon-pos-left av-no-color avia-icon-animate'><span class='av-icon-char' aria-hidden='true' data-av_icon='\uf1b9' data-av_iconfont='fontello' ><\/span><\/span>\n<p>Driving time: 38 minutes<\/p>\n<p>\n<style type=\"text\/css\" data-created_by=\"avia_inline_auto\" id=\"style-css-av-20ka7-3f432cccf8541a95d29d19e30ecbea71\">\n.av_font_icon.av-20ka7-3f432cccf8541a95d29d19e30ecbea71 .av-icon-char{\nfont-size:20px;\nline-height:20px;\n}\n<\/style>\n<span  class='av_font_icon av-20ka7-3f432cccf8541a95d29d19e30ecbea71 avia_animate_when_visible av-icon-style- avia-icon-pos-left av-no-color avia-icon-animate'><span class='av-icon-char' aria-hidden='true' data-av_icon='\ue800' data-av_iconfont='fontello' ><\/span><\/span> <a href=\"https:\/\/webtv.feratel.com\/webtv\/?cam=5661&amp;design=v3&amp;c0=0&amp;c2=1&amp;lg=de&amp;pg=1B21CAA5-F4BF-42AD-BF22-C532E6FE2009&amp;s=0\/?iframe=true\/?iframe=true\">Webcam<\/a><\/p>\n<\/div><\/div><footer class=\"entry-footer\"><\/footer><\/article><\/div>\n<style type=\"text\/css\" data-created_by=\"avia_inline_auto\" id=\"style-css-av-y163-12-0001dbf41af7962aef8ee6d644b6e023\">\n.flex_column.av-y163-12-0001dbf41af7962aef8ee6d644b6e023{\n-webkit-border-radius:0px 0px 0px 0px;\n-moz-border-radius:0px 0px 0px 0px;\nborder-radius:0px 0px 0px 0px;\npadding:0px 0px 0px 0px;\n}\n<\/style>\n<div class='flex_column av-y163-12-0001dbf41af7962aef8ee6d644b6e023 av_one_half  avia-builder-el-28  el_after_av_one_half  el_before_av_one_half  flex_column_div av-zero-column-padding column-top-margin'     ><article  class='iconbox iconbox_left av-k1q714i1-11-b1481ee26175fcb8f9da3090870bbb89  avia-builder-el-29  avia-builder-el-no-sibling '  itemscope=\"itemscope\" itemtype=\"https:\/\/schema.org\/CreativeWork\" ><div class=\"iconbox_content\"><header class=\"entry-content-header\"><div class=\"iconbox_icon heading-color\" aria-hidden='true' data-av_icon='\ue836' data-av_iconfont='fontello'><\/div><h3 class='iconbox_content_title '  itemprop=\"headline\" >Pitztal Glacier<\/h3><\/header><div class='iconbox_content_container '  itemprop=\"text\" ><p>You can ski on Tyrol&#8217;s highest glacier from September to May &#8211; thanks to the connection with the Rifflsee ski area, 40 varied kilometers of pistes await you. Powder snow slopes and firn runs included.<\/p>\n<h3><\/h3>\n<p>\n<style type=\"text\/css\" data-created_by=\"avia_inline_auto\" id=\"style-css-av-1j0sv-d68230c3396555840ae1010303b9fa0d\">\n.av_font_icon.av-1j0sv-d68230c3396555840ae1010303b9fa0d .av-icon-char{\nfont-size:20px;\nline-height:20px;\n}\n<\/style>\n<span  class='av_font_icon av-1j0sv-d68230c3396555840ae1010303b9fa0d avia_animate_when_visible av-icon-style- avia-icon-pos-left av-no-color avia-icon-animate'><span class='av-icon-char' aria-hidden='true' data-av_icon='\uf1b9' data-av_iconfont='fontello' ><\/span><\/span> \u00a0Driving time: 1 hour<\/p>\n<p>\n<style type=\"text\/css\" data-created_by=\"avia_inline_auto\" id=\"style-css-av-15pv7-6d2945b73f2cec4340da23393ca58583\">\n.av_font_icon.av-15pv7-6d2945b73f2cec4340da23393ca58583 .av-icon-char{\nfont-size:20px;\nline-height:20px;\n}\n<\/style>\n<span  class='av_font_icon av-15pv7-6d2945b73f2cec4340da23393ca58583 avia_animate_when_visible av-icon-style- avia-icon-pos-left av-no-color avia-icon-animate'><span class='av-icon-char' aria-hidden='true' data-av_icon='\ue800' data-av_iconfont='fontello' ><\/span><\/span>\u00a0<a href=\"https:\/\/webtv.feratel.com\/webtv\/?cam=5660&amp;design=v3&amp;c0=0&amp;c2=1&amp;lg=de&amp;pg=1B21CAA5-F4BF-42AD-BF22-C532E6FE2009&amp;s=0\/?iframe=true\">Webcam<\/a><\/p>\n<\/div><\/div><footer class=\"entry-footer\"><\/footer><\/article><\/div>\n<style type=\"text\/css\" data-created_by=\"avia_inline_auto\" id=\"style-css-av-y163-10-6be06efbcfefdf9f92c0992c86f06d78\">\n.flex_column.av-y163-10-6be06efbcfefdf9f92c0992c86f06d78{\n-webkit-border-radius:0px 0px 0px 0px;\n-moz-border-radius:0px 0px 0px 0px;\nborder-radius:0px 0px 0px 0px;\npadding:0px 0px 0px 0px;\n}\n<\/style>\n<div class='flex_column av-y163-10-6be06efbcfefdf9f92c0992c86f06d78 av_one_half  avia-builder-el-32  el_after_av_one_half  el_before_av_one_half  first flex_column_div av-zero-column-padding column-top-margin'     ><article  class='iconbox iconbox_left av-k1q714i1-9-1d770c80ce4a688b6fac9e0ddcaae567  avia-builder-el-33  avia-builder-el-no-sibling '  itemscope=\"itemscope\" itemtype=\"https:\/\/schema.org\/CreativeWork\" ><div class=\"iconbox_content\"><header class=\"entry-content-header\"><div class=\"iconbox_icon heading-color\" aria-hidden='true' data-av_icon='\ue836' data-av_iconfont='fontello'><\/div><h3 class='iconbox_content_title '  itemprop=\"headline\" >Ski area Hoch Imst<\/h3><\/header><div class='iconbox_content_container '  itemprop=\"text\" ><p>The small but beautiful ski resort in the district capital of Imst is with its two double chair lifts, a drag lift and a large practice meadow with plate lift and toboggan hill the ideal destination for beginners and families with small children.<\/p>\n<p>\n<style type=\"text\/css\" data-created_by=\"avia_inline_auto\" id=\"style-css-av-1j0sv-8-08d95df3b10f8e7cd91acd3da19f3000\">\n.av_font_icon.av-1j0sv-8-08d95df3b10f8e7cd91acd3da19f3000 .av-icon-char{\nfont-size:20px;\nline-height:20px;\n}\n<\/style>\n<span  class='av_font_icon av-1j0sv-8-08d95df3b10f8e7cd91acd3da19f3000 avia_animate_when_visible av-icon-style- avia-icon-pos-left av-no-color avia-icon-animate'><span class='av-icon-char' aria-hidden='true' data-av_icon='\uf1b9' data-av_iconfont='fontello' ><\/span><\/span> Driving time: 20 minutes<\/p>\n<p>\n<style type=\"text\/css\" data-created_by=\"avia_inline_auto\" id=\"style-css-av-15pv7-7-be139b44081113c95ea4bc28c564ad82\">\n.av_font_icon.av-15pv7-7-be139b44081113c95ea4bc28c564ad82 .av-icon-char{\nfont-size:20px;\nline-height:20px;\n}\n<\/style>\n<span  class='av_font_icon av-15pv7-7-be139b44081113c95ea4bc28c564ad82 avia_animate_when_visible av-icon-style- avia-icon-pos-left av-no-color avia-icon-animate'><span class='av-icon-char' aria-hidden='true' data-av_icon='\ue800' data-av_iconfont='fontello' ><\/span><\/span>\u00a0<a href=\"https:\/\/www.imster-bergbahnen.at\/webcam\/latest.mp4\/iframe=true\">Webcam<\/a><\/p>\n<\/div><\/div><footer class=\"entry-footer\"><\/footer><\/article><\/div>\n<style type=\"text\/css\" data-created_by=\"avia_inline_auto\" id=\"style-css-av-ho5os-d43a6186636eb1345d6dcf58db01ab0f\">\n.flex_column.av-ho5os-d43a6186636eb1345d6dcf58db01ab0f{\n-webkit-border-radius:0px 0px 0px 0px;\n-moz-border-radius:0px 0px 0px 0px;\nborder-radius:0px 0px 0px 0px;\npadding:0px 0px 0px 0px;\n}\n<\/style>\n<div class='flex_column av-ho5os-d43a6186636eb1345d6dcf58db01ab0f av_one_half  avia-builder-el-36  el_after_av_one_half  el_before_av_hr  flex_column_div av-zero-column-padding column-top-margin'     ><article  class='iconbox iconbox_left av-lrrqi019-eab745238b56b45469915e5894ae3129  avia-builder-el-37  avia-builder-el-no-sibling '  itemscope=\"itemscope\" itemtype=\"https:\/\/schema.org\/CreativeWork\" ><div class=\"iconbox_content\"><header class=\"entry-content-header\"><div class=\"iconbox_icon heading-color\" aria-hidden='true' data-av_icon='\ue836' data-av_iconfont='fontello'><\/div><h3 class='iconbox_content_title '  itemprop=\"headline\" >More winter activities<\/h3><\/header><div class='iconbox_content_container '  itemprop=\"text\" ><p>\n<style type=\"text\/css\" data-created_by=\"avia_inline_auto\" id=\"style-css-av-9mmuk-fe3cf638dbcd9ca217ef9a183ffe7588\">\n.av_font_icon.av-9mmuk-fe3cf638dbcd9ca217ef9a183ffe7588 .av-icon-char{\nfont-size:20px;\nline-height:20px;\n}\n<\/style>\n<span  class='av_font_icon av-9mmuk-fe3cf638dbcd9ca217ef9a183ffe7588 avia_animate_when_visible av-icon-style- avia-icon-pos-left av-no-color avia-icon-animate'><span class='av-icon-char' aria-hidden='true' data-av_icon='\ue81f' data-av_iconfont='entypo-fontello' ><\/span><\/span> <a href=\"https:\/\/www.pitztal.com\/en\/winter\/activities\">more<\/a><\/p>\n<\/div><\/div><footer class=\"entry-footer\"><\/footer><\/article><\/div>\n<style type=\"text\/css\" data-created_by=\"avia_inline_auto\" id=\"style-css-av-k1rhcibg-17c9a08c8fd5ae266d728298d6da8fe8\">\n#top .hr.hr-invisible.av-k1rhcibg-17c9a08c8fd5ae266d728298d6da8fe8{\nheight:60px;\n}\n<\/style>\n<div  class='hr av-k1rhcibg-17c9a08c8fd5ae266d728298d6da8fe8 hr-invisible  avia-builder-el-39  el_after_av_one_half  el_before_av_button_big  avia-builder-el-last '><span class='hr-inner '><span class=\"hr-inner-style\"><\/span><\/span><\/div>\n<div  class='avia-button-wrap avia-button-center  avia-builder-el-40  el_after_av_hr  el_before_av_hr '>\n<style type=\"text\/css\" data-created_by=\"avia_inline_auto\" id=\"style-css-av-k1rhbwn5-711ad4814f68647df976d9c192eef8d9\">\n#top #wrap_all .avia-button.av-k1rhbwn5-711ad4814f68647df976d9c192eef8d9{\ncolor:#ffffff;\n-webkit-transition:all 0.4s ease-in-out;\n-moz-transition:all 0.4s ease-in-out;\n-ms-transition:all 0.4s ease-in-out;\n-o-transition:all 0.4s ease-in-out;\ntransition:all 0.4s ease-in-out;\n}\n#top #wrap_all .avia-button.av-k1rhbwn5-711ad4814f68647df976d9c192eef8d9:hover{\ncolor:#ffffff;\n-webkit-transition:all 0.4s ease-in-out;\n-moz-transition:all 0.4s ease-in-out;\n-ms-transition:all 0.4s ease-in-out;\n-o-transition:all 0.4s ease-in-out;\ntransition:all 0.4s ease-in-out;\n}\n<\/style>\n<a href='https:\/\/www.pitztal.com\/en\/winter\/ski-resorts-tyrol' class='avia-color-theme-color avia-button avia-button-fullwidth av-k1rhbwn5-711ad4814f68647df976d9c192eef8d9 avia-icon_select-no avia-color-theme-color' target=\"_blank\" rel=\"noopener noreferrer\"><span class='avia_iconbox_title' >Overview of Pitztal\u2019s ski resorts <\/span><span class='avia_button_background avia-button avia-button-fullwidth avia-color-theme-color'><\/span><\/a><\/div>\n\n<style type=\"text\/css\" data-created_by=\"avia_inline_auto\" id=\"style-css-av-k1rhcibg-6-2602340b7fd6dc1ab68b298a49058451\">\n#top .hr.hr-invisible.av-k1rhcibg-6-2602340b7fd6dc1ab68b298a49058451{\nheight:60px;\n}\n<\/style>\n<div  class='hr av-k1rhcibg-6-2602340b7fd6dc1ab68b298a49058451 hr-invisible  avia-builder-el-41  el_after_av_button_big  avia-builder-el-no-sibling '><span class='hr-inner '><span class=\"hr-inner-style\"><\/span><\/span><\/div>\n<\/div><\/div><\/div><!-- close content main div --><\/div><\/div>\n<style type=\"text\/css\" data-created_by=\"avia_inline_auto\" id=\"style-css-av-8g7g-17-8865e8d9d45ad8d455df951f6f3fbe2e\">\n.avia-section.av-8g7g-17-8865e8d9d45ad8d455df951f6f3fbe2e{\nbackground-color:#155034;\nbackground-image:unset;\n}\n<\/style>\n<div id='av_section_3'  class='avia-section av-8g7g-17-8865e8d9d45ad8d455df951f6f3fbe2e main_color avia-section-large avia-no-border-styling  avia-builder-el-42  el_after_av_section  el_before_av_layout_row  avia-bg-style-scroll container_wrap fullsize'  ><div class='container av-section-cont-open' ><div class='template-page content  av-content-full alpha units'><div class='post-entry post-entry-type-page post-entry-588'><div class='entry-content-wrapper clearfix'>\n<div class='flex_column_table av-k1q2uyzl-5e0f2e6bf73c44cc798f7f03cb2eef68 sc-av_two_third av-break-at-tablet-flextable av-equal-height-column-flextable'>\n<style type=\"text\/css\" data-created_by=\"avia_inline_auto\" id=\"style-css-av-k1q2uyzl-5e0f2e6bf73c44cc798f7f03cb2eef68\">\n.flex_column.av-k1q2uyzl-5e0f2e6bf73c44cc798f7f03cb2eef68{\n-webkit-border-radius:0px 0px 0px 0px;\n-moz-border-radius:0px 0px 0px 0px;\nborder-radius:0px 0px 0px 0px;\npadding:0px 40px 0px 0px;\n}\n<\/style>\n<div class='flex_column av-k1q2uyzl-5e0f2e6bf73c44cc798f7f03cb2eef68 av_two_third  avia-builder-el-43  el_before_av_one_third  avia-builder-el-first  rand-rechts first av-break-at-tablet flex_column_table_cell av-equal-height-column av-align-middle '     ><div id='av-masonry-1' class='av-masonry av-k1hr4hiq-e443aaf489e8bcbaa2edf5607a81bc63 noHover av-fixed-size av-1px-gap av-hover-overlay-desaturation av-masonry-animation-active av-masonry-col-3 av-caption-always av-caption-style- av-masonry-gallery av-small-columns-overwrite av-small-columns-3 av-mini-columns-overwrite av-mini-columns-3 av-orientation-square '><div class=\"av-masonry-container isotope av-js-disabled\"><div class='av-masonry-entry isotope-item av-masonry-item-no-image '><\/div><a href=\"https:\/\/apartnachtigall-pitztal.at\/wp-content\/uploads\/2019\/11\/TVBPitztal_991041-1.jpg\" data-srcset=\"https:\/\/apartnachtigall-pitztal.at\/wp-content\/uploads\/2019\/11\/TVBPitztal_991041-1.jpg 1000w, https:\/\/apartnachtigall-pitztal.at\/wp-content\/uploads\/2019\/11\/TVBPitztal_991041-1-300x200.jpg 300w, https:\/\/apartnachtigall-pitztal.at\/wp-content\/uploads\/2019\/11\/TVBPitztal_991041-1-768x512.jpg 768w, https:\/\/apartnachtigall-pitztal.at\/wp-content\/uploads\/2019\/11\/TVBPitztal_991041-1-705x470.jpg 705w\" data-sizes=\"(max-width: 1000px) 100vw, 1000px\"  aria-label=\"image Freeride, Pitztaler Gletscher, St.Leonhard\"  id='av-masonry-1-item-706' data-av-masonry-item='706' class='av-masonry-entry isotope-item post-706 attachment type-attachment status-inherit hentry  av-masonry-item-with-image' title=\"Freeride, Pitztaler Gletscher, St.Leonhard\" alt=\"\"    itemprop=\"thumbnailUrl\" ><div class='av-inner-masonry-sizer'><\/div><figure class='av-inner-masonry main_color'><div class=\"av-masonry-outerimage-container\"><div class='av-masonry-image-container' style=\"background-image: url(https:\/\/apartnachtigall-pitztal.at\/wp-content\/uploads\/2019\/11\/TVBPitztal_991041-1-705x470.jpg);\"  title=\"Freeride, Pitztaler Gletscher, St.Leonhard\"  ><\/div><\/div><\/figure><\/a><!--end av-masonry entry--><a href=\"https:\/\/apartnachtigall-pitztal.at\/wp-content\/uploads\/2019\/11\/TVB-Pitztal-1-1030x748.jpg\" data-srcset=\"https:\/\/apartnachtigall-pitztal.at\/wp-content\/uploads\/2019\/11\/TVB-Pitztal-1-1030x748.jpg 1030w, https:\/\/apartnachtigall-pitztal.at\/wp-content\/uploads\/2019\/11\/TVB-Pitztal-1-300x218.jpg 300w, https:\/\/apartnachtigall-pitztal.at\/wp-content\/uploads\/2019\/11\/TVB-Pitztal-1-768x557.jpg 768w, https:\/\/apartnachtigall-pitztal.at\/wp-content\/uploads\/2019\/11\/TVB-Pitztal-1-1500x1089.jpg 1500w, https:\/\/apartnachtigall-pitztal.at\/wp-content\/uploads\/2019\/11\/TVB-Pitztal-1-705x512.jpg 705w\" data-sizes=\"(max-width: 1030px) 100vw, 1030px\"  aria-label=\"image Winterzauber Pitztal\"  id='av-masonry-1-item-708' data-av-masonry-item='708' class='av-masonry-entry isotope-item post-708 attachment type-attachment status-inherit hentry  av-masonry-item-with-image' title=\"Winterzauber Pitztal\" alt=\"\"    itemprop=\"thumbnailUrl\" ><div class='av-inner-masonry-sizer'><\/div><figure class='av-inner-masonry main_color'><div class=\"av-masonry-outerimage-container\"><div class='av-masonry-image-container' style=\"background-image: url(https:\/\/apartnachtigall-pitztal.at\/wp-content\/uploads\/2019\/11\/TVB-Pitztal-1-705x512.jpg);\"  title=\"Winterzauber Pitztal\"  ><\/div><\/div><\/figure><\/a><!--end av-masonry entry--><a href=\"https:\/\/apartnachtigall-pitztal.at\/wp-content\/uploads\/2019\/11\/TVB-Pitztal-2-Skitour-Wildspitze-1030x773.jpg\" data-srcset=\"https:\/\/apartnachtigall-pitztal.at\/wp-content\/uploads\/2019\/11\/TVB-Pitztal-2-Skitour-Wildspitze-1030x773.jpg 1030w, https:\/\/apartnachtigall-pitztal.at\/wp-content\/uploads\/2019\/11\/TVB-Pitztal-2-Skitour-Wildspitze-300x225.jpg 300w, https:\/\/apartnachtigall-pitztal.at\/wp-content\/uploads\/2019\/11\/TVB-Pitztal-2-Skitour-Wildspitze-768x576.jpg 768w, https:\/\/apartnachtigall-pitztal.at\/wp-content\/uploads\/2019\/11\/TVB-Pitztal-2-Skitour-Wildspitze-1500x1125.jpg 1500w, https:\/\/apartnachtigall-pitztal.at\/wp-content\/uploads\/2019\/11\/TVB-Pitztal-2-Skitour-Wildspitze-705x529.jpg 705w\" data-sizes=\"(max-width: 1030px) 100vw, 1030px\"  aria-label=\"image Skitour Wildspitze\"  id='av-masonry-1-item-710' data-av-masonry-item='710' class='av-masonry-entry isotope-item post-710 attachment type-attachment status-inherit hentry  av-masonry-item-with-image' title=\"Skitour Wildspitze\" alt=\"\"    itemprop=\"thumbnailUrl\" ><div class='av-inner-masonry-sizer'><\/div><figure class='av-inner-masonry main_color'><div class=\"av-masonry-outerimage-container\"><div class='av-masonry-image-container' style=\"background-image: url(https:\/\/apartnachtigall-pitztal.at\/wp-content\/uploads\/2019\/11\/TVB-Pitztal-2-Skitour-Wildspitze-705x529.jpg);\"  title=\"Skitour Wildspitze\"  ><\/div><\/div><\/figure><\/a><!--end av-masonry entry--><a href=\"https:\/\/apartnachtigall-pitztal.at\/wp-content\/uploads\/2019\/11\/TVB-Pitztal-Skitour-Pitztaler-Gletscher-1030x562.jpg\" data-srcset=\"https:\/\/apartnachtigall-pitztal.at\/wp-content\/uploads\/2019\/11\/TVB-Pitztal-Skitour-Pitztaler-Gletscher-1030x562.jpg 1030w, https:\/\/apartnachtigall-pitztal.at\/wp-content\/uploads\/2019\/11\/TVB-Pitztal-Skitour-Pitztaler-Gletscher-300x164.jpg 300w, https:\/\/apartnachtigall-pitztal.at\/wp-content\/uploads\/2019\/11\/TVB-Pitztal-Skitour-Pitztaler-Gletscher-768x419.jpg 768w, https:\/\/apartnachtigall-pitztal.at\/wp-content\/uploads\/2019\/11\/TVB-Pitztal-Skitour-Pitztaler-Gletscher-1500x819.jpg 1500w, https:\/\/apartnachtigall-pitztal.at\/wp-content\/uploads\/2019\/11\/TVB-Pitztal-Skitour-Pitztaler-Gletscher-705x385.jpg 705w\" data-sizes=\"(max-width: 1030px) 100vw, 1030px\"  aria-label=\"image Skitour Pitztaler Gletscher\"  id='av-masonry-1-item-712' data-av-masonry-item='712' class='av-masonry-entry isotope-item post-712 attachment type-attachment status-inherit hentry  av-masonry-item-with-image' title=\"Skitour Pitztaler Gletscher\" alt=\"\"    itemprop=\"thumbnailUrl\" ><div class='av-inner-masonry-sizer'><\/div><figure class='av-inner-masonry main_color'><div class=\"av-masonry-outerimage-container\"><div class='av-masonry-image-container' style=\"background-image: url(https:\/\/apartnachtigall-pitztal.at\/wp-content\/uploads\/2019\/11\/TVB-Pitztal-Skitour-Pitztaler-Gletscher-705x385.jpg);\"  title=\"Skitour Pitztaler Gletscher\"  ><\/div><\/div><\/figure><\/a><!--end av-masonry entry--><a href=\"https:\/\/apartnachtigall-pitztal.at\/wp-content\/uploads\/2019\/11\/TVB-Pitztal-Chris-Walch-Breonix-Foto-Design-1030x687.jpg\" data-srcset=\"https:\/\/apartnachtigall-pitztal.at\/wp-content\/uploads\/2019\/11\/TVB-Pitztal-Chris-Walch-Breonix-Foto-Design-1030x687.jpg 1030w, https:\/\/apartnachtigall-pitztal.at\/wp-content\/uploads\/2019\/11\/TVB-Pitztal-Chris-Walch-Breonix-Foto-Design-300x200.jpg 300w, https:\/\/apartnachtigall-pitztal.at\/wp-content\/uploads\/2019\/11\/TVB-Pitztal-Chris-Walch-Breonix-Foto-Design-768x512.jpg 768w, https:\/\/apartnachtigall-pitztal.at\/wp-content\/uploads\/2019\/11\/TVB-Pitztal-Chris-Walch-Breonix-Foto-Design-1500x1000.jpg 1500w, https:\/\/apartnachtigall-pitztal.at\/wp-content\/uploads\/2019\/11\/TVB-Pitztal-Chris-Walch-Breonix-Foto-Design-705x470.jpg 705w\" data-sizes=\"(max-width: 1030px) 100vw, 1030px\"  aria-label=\"image Ortsbild Winter, Arzl\"  id='av-masonry-1-item-714' data-av-masonry-item='714' class='av-masonry-entry isotope-item post-714 attachment type-attachment status-inherit hentry  av-masonry-item-with-image' title=\"Ortsbild Winter, Arzl\" alt=\"\"    itemprop=\"thumbnailUrl\" ><div class='av-inner-masonry-sizer'><\/div><figure class='av-inner-masonry main_color'><div class=\"av-masonry-outerimage-container\"><div class='av-masonry-image-container' style=\"background-image: url(https:\/\/apartnachtigall-pitztal.at\/wp-content\/uploads\/2019\/11\/TVB-Pitztal-Chris-Walch-Breonix-Foto-Design-705x470.jpg);\"  title=\"Ortsbild Winter, Arzl\"  ><\/div><\/div><\/figure><\/a><!--end av-masonry entry--><a href=\"https:\/\/apartnachtigall-pitztal.at\/wp-content\/uploads\/2019\/11\/Schneesportschule-Hochzeiger-Pitztal-1030x687.jpg\" data-srcset=\"https:\/\/apartnachtigall-pitztal.at\/wp-content\/uploads\/2019\/11\/Schneesportschule-Hochzeiger-Pitztal-1030x687.jpg 1030w, https:\/\/apartnachtigall-pitztal.at\/wp-content\/uploads\/2019\/11\/Schneesportschule-Hochzeiger-Pitztal-300x200.jpg 300w, https:\/\/apartnachtigall-pitztal.at\/wp-content\/uploads\/2019\/11\/Schneesportschule-Hochzeiger-Pitztal-768x512.jpg 768w, https:\/\/apartnachtigall-pitztal.at\/wp-content\/uploads\/2019\/11\/Schneesportschule-Hochzeiger-Pitztal-1500x1000.jpg 1500w, https:\/\/apartnachtigall-pitztal.at\/wp-content\/uploads\/2019\/11\/Schneesportschule-Hochzeiger-Pitztal-705x470.jpg 705w\" data-sizes=\"(max-width: 1030px) 100vw, 1030px\"  aria-label=\"image Schneeabenteuer im Skigebiet Hochzeiger, Jerzens\"  id='av-masonry-1-item-716' data-av-masonry-item='716' class='av-masonry-entry isotope-item post-716 attachment type-attachment status-inherit hentry  av-masonry-item-with-image' title=\"Schneeabenteuer im Skigebiet Hochzeiger, Jerzens\" alt=\"\"    itemprop=\"thumbnailUrl\" ><div class='av-inner-masonry-sizer'><\/div><figure class='av-inner-masonry main_color'><div class=\"av-masonry-outerimage-container\"><div class='av-masonry-image-container' style=\"background-image: url(https:\/\/apartnachtigall-pitztal.at\/wp-content\/uploads\/2019\/11\/Schneesportschule-Hochzeiger-Pitztal-705x470.jpg);\"  title=\"Schneeabenteuer im Skigebiet Hochzeiger, Jerzens\"  ><\/div><\/div><\/figure><\/a><!--end av-masonry entry--><\/div><\/div><\/div><div class='av-flex-placeholder'><\/div>\n<style type=\"text\/css\" data-created_by=\"avia_inline_auto\" id=\"style-css-av-5uy8-31d6efcbbceecc2fd1807f2d7fa0f17a\">\n.flex_column.av-5uy8-31d6efcbbceecc2fd1807f2d7fa0f17a{\n-webkit-border-radius:0px 0px 0px 0px;\n-moz-border-radius:0px 0px 0px 0px;\nborder-radius:0px 0px 0px 0px;\npadding:0px 0px 0px 0px;\n}\n<\/style>\n<div class='flex_column av-5uy8-31d6efcbbceecc2fd1807f2d7fa0f17a av_one_third  avia-builder-el-45  el_after_av_two_third  avia-builder-el-last  av-break-at-tablet flex_column_table_cell av-equal-height-column av-align-middle av-zero-column-padding '     ><p>\n<style type=\"text\/css\" data-created_by=\"avia_inline_auto\" id=\"style-css-av-ar91g-118cb8c1cb2e421ead40415fb41dac8a\">\n#top .av-special-heading.av-ar91g-118cb8c1cb2e421ead40415fb41dac8a{\npadding-bottom:30px;\ncolor:#ffffff;\n}\nbody .av-special-heading.av-ar91g-118cb8c1cb2e421ead40415fb41dac8a .av-special-heading-tag .heading-char{\nfont-size:25px;\n}\n.av-special-heading.av-ar91g-118cb8c1cb2e421ead40415fb41dac8a .special-heading-inner-border{\nborder-color:#ffffff;\n}\n.av-special-heading.av-ar91g-118cb8c1cb2e421ead40415fb41dac8a .av-subheading{\nfont-size:15px;\n}\n\n@media only screen and (max-width: 479px){ \n#top #wrap_all .av-special-heading.av-ar91g-118cb8c1cb2e421ead40415fb41dac8a .av-special-heading-tag{\nfont-size:20px;\n}\n}\n<\/style>\n<div  class='av-special-heading av-ar91g-118cb8c1cb2e421ead40415fb41dac8a av-special-heading-h2 custom-color-heading blockquote modern-quote  avia-builder-el-46  el_before_av_textblock  avia-builder-el-first '><h2 class='av-special-heading-tag'  itemprop=\"headline\"  >And off the slopes?<\/h2><div class=\"special-heading-border\"><div class=\"special-heading-inner-border\"><\/div><\/div><\/div><br \/>\n\n<style type=\"text\/css\" data-created_by=\"avia_inline_auto\" id=\"style-css-av-k1rimjwm-e58d8c2c16ea9b546b427a1f1af99075\">\n#top .av_textblock_section.av-k1rimjwm-e58d8c2c16ea9b546b427a1f1af99075 .avia_textblock{\ncolor:#ffffff;\n}\n<\/style>\n<section  class='av_textblock_section av-k1rimjwm-e58d8c2c16ea9b546b427a1f1af99075'  itemscope=\"itemscope\" itemtype=\"https:\/\/schema.org\/CreativeWork\" ><div class='avia_textblock av_inherit_color'  itemprop=\"text\" ><p>Explore the wintry Pitztal on the cross-country ski trail, climb the ice garden, take a beautiful snowshoe hike, or enjoy a wonderful horse-drawn sleigh ride and much more.<\/p>\n<\/div><\/section><\/p><\/div><\/div><!--close column table wrapper. Autoclose: 1 -->\n<\/p>\n<\/div><\/div><\/div><!-- close content main div --><\/div><\/div><div id='av-layout-grid-1'  class='av-layout-grid-container av-7c12-441c6bfe379e62763a99d1dc3f6d0abc entry-content-wrapper main_color av-flex-cells  avia-builder-el-48  el_after_av_section  avia-builder-el-last  grid-row-not-first  container_wrap fullsize'  >\n\n<style type=\"text\/css\" data-created_by=\"avia_inline_auto\" id=\"style-css-av-5rak-8772567ab926451b15c3998386009877\">\n.flex_cell.av-5rak-8772567ab926451b15c3998386009877{\nvertical-align:top;\n}\n.responsive #top #wrap_all .flex_cell.av-5rak-8772567ab926451b15c3998386009877{\npadding:30px 30px 30px 30px !important;\n}\n<\/style>\n<div class='flex_cell av-5rak-8772567ab926451b15c3998386009877 av-gridrow-cell av_one_fifth no_margin  avia-builder-el-49  el_before_av_cell_three_fifth  avia-builder-el-first ' ><div class='flex_cell_inner'><\/div><\/div>\n<style type=\"text\/css\" data-created_by=\"avia_inline_auto\" id=\"style-css-av-k1hrfnd4-616eae997f3340c3b529358d4dce856f\">\n.flex_cell.av-k1hrfnd4-616eae997f3340c3b529358d4dce856f{\nvertical-align:top;\n}\n.responsive #top #wrap_all .flex_cell.av-k1hrfnd4-616eae997f3340c3b529358d4dce856f{\npadding:50px 0px 50px 0px !important;\n}\n<\/style>\n<div class='flex_cell av-k1hrfnd4-616eae997f3340c3b529358d4dce856f av-gridrow-cell av_three_fifth no_margin  avia-builder-el-50  el_after_av_cell_one_fifth  el_before_av_cell_one_fifth ' ><div class='flex_cell_inner'>\n<style type=\"text\/css\" data-created_by=\"avia_inline_auto\" id=\"style-css-av-k21po790-1af3401a654a3e6ab0f54218445e9ba6\">\n.flex_column.av-k21po790-1af3401a654a3e6ab0f54218445e9ba6{\nborder-width:1px;\nborder-color:#155034;\nborder-style:solid;\n-webkit-border-radius:0px 0px 0px 0px;\n-moz-border-radius:0px 0px 0px 0px;\nborder-radius:0px 0px 0px 0px;\npadding:40px 40px 40px 40px;\n}\n<\/style>\n<div class='flex_column av-k21po790-1af3401a654a3e6ab0f54218445e9ba6 av_one_full  avia-builder-el-51  avia-builder-el-no-sibling  first flex_column_div '     ><style type=\"text\/css\" data-created_by=\"avia_inline_auto\" id=\"style-css-av-k2u4aai7-eb9bd2512cb151f36a84396a3ed78fb2\">\n#top .av-special-heading.av-k2u4aai7-eb9bd2512cb151f36a84396a3ed78fb2{\npadding-bottom:10px;\n}\nbody .av-special-heading.av-k2u4aai7-eb9bd2512cb151f36a84396a3ed78fb2 .av-special-heading-tag .heading-char{\nfont-size:25px;\n}\n.av-special-heading.av-k2u4aai7-eb9bd2512cb151f36a84396a3ed78fb2 .av-subheading{\nfont-size:15px;\n}\n<\/style>\n<div  class='av-special-heading av-k2u4aai7-eb9bd2512cb151f36a84396a3ed78fb2 av-special-heading-h2 blockquote modern-quote modern-centered  avia-builder-el-52  avia-builder-el-no-sibling  av-linked-heading'><h2 class='av-special-heading-tag'  itemprop=\"headline\"  ><a class=\"av-heading-link\" href=\"https:\/\/fahrplan.vvt.at\/\" target=\"_blank\" rel=\"noopener noreferrer\">Online bus route planner <\/a><\/h2><div class=\"special-heading-border\"><div class=\"special-heading-inner-border\"><\/div><\/div><\/div><\/div>\n<\/div><\/div>\n<style type=\"text\/css\" data-created_by=\"avia_inline_auto\" id=\"style-css-av-30gs-5afe0d20e006b61e82310a25bdff7019\">\n.flex_cell.av-30gs-5afe0d20e006b61e82310a25bdff7019{\nvertical-align:top;\n}\n.responsive #top #wrap_all .flex_cell.av-30gs-5afe0d20e006b61e82310a25bdff7019{\npadding:30px 30px 30px 30px !important;\n}\n<\/style>\n<div class='flex_cell av-30gs-5afe0d20e006b61e82310a25bdff7019 av-gridrow-cell av_one_fifth no_margin  avia-builder-el-53  el_after_av_cell_three_fifth  avia-builder-el-last ' ><div class='flex_cell_inner'><\/div><\/div>\n<\/div>\n","protected":false},"excerpt":{"rendered":"","protected":false},"author":1,"featured_media":0,"parent":0,"menu_order":2,"comment_status":"closed","ping_status":"closed","template":"","meta":[],"yoast_head":"<!-- This site is optimized with the Yoast SEO plugin v19.8 - https:\/\/yoast.com\/wordpress\/plugins\/seo\/ -->\n<title>Ferienwohnung Pitztal | Winterurlaub | Tirol | Schnee<\/title>\n<meta name=\"description\" content=\"Genie\u00dfen Sie im Winter mit Ihrer Familie oder Freunden Ihren Skiurlaub in unserem sch\u00f6nen Pitztal mit den neun Liftanlagen und 40km bestens pr\u00e4parierten Pisten.\" \/>\n<meta name=\"robots\" content=\"index, follow, max-snippet:-1, max-image-preview:large, max-video-preview:-1\" \/>\n<link rel=\"canonical\" href=\"https:\/\/apartnachtigall-pitztal.at\/en\/winter\/\" \/>\n<meta property=\"og:locale\" content=\"en_US\" \/>\n<meta property=\"og:type\" content=\"article\" \/>\n<meta property=\"og:title\" content=\"Ferienwohnung Pitztal | Winterurlaub | Tirol | Schnee\" \/>\n<meta property=\"og:description\" content=\"Genie\u00dfen Sie im Winter mit Ihrer Familie oder Freunden Ihren Skiurlaub in unserem sch\u00f6nen Pitztal mit den neun Liftanlagen und 40km bestens pr\u00e4parierten Pisten.\" \/>\n<meta property=\"og:url\" content=\"https:\/\/apartnachtigall-pitztal.at\/en\/winter\/\" \/>\n<meta property=\"og:site_name\" content=\"Apart Garni Pitztaler Nachtigall\" \/>\n<meta property=\"article:modified_time\" content=\"2024-01-24T14:00:11+00:00\" \/>\n<meta name=\"twitter:card\" content=\"summary_large_image\" \/>\n<meta name=\"twitter:label1\" content=\"Est. reading time\" \/>\n\t<meta name=\"twitter:data1\" content=\"11 minutes\" \/>\n<script type=\"application\/ld+json\" class=\"yoast-schema-graph\">{\"@context\":\"https:\/\/schema.org\",\"@graph\":[{\"@type\":\"WebPage\",\"@id\":\"https:\/\/apartnachtigall-pitztal.at\/en\/winter\/\",\"url\":\"https:\/\/apartnachtigall-pitztal.at\/en\/winter\/\",\"name\":\"Ferienwohnung Pitztal | Winterurlaub | Tirol | Schnee\",\"isPartOf\":{\"@id\":\"https:\/\/apartnachtigall-pitztal.at\/#website\"},\"datePublished\":\"2019-10-08T08:11:07+00:00\",\"dateModified\":\"2024-01-24T14:00:11+00:00\",\"description\":\"Genie\u00dfen Sie im Winter mit Ihrer Familie oder Freunden Ihren Skiurlaub in unserem sch\u00f6nen Pitztal mit den neun Liftanlagen und 40km bestens pr\u00e4parierten Pisten.\",\"breadcrumb\":{\"@id\":\"https:\/\/apartnachtigall-pitztal.at\/en\/winter\/#breadcrumb\"},\"inLanguage\":\"en-US\",\"potentialAction\":[{\"@type\":\"ReadAction\",\"target\":[\"https:\/\/apartnachtigall-pitztal.at\/en\/winter\/\"]}]},{\"@type\":\"BreadcrumbList\",\"@id\":\"https:\/\/apartnachtigall-pitztal.at\/en\/winter\/#breadcrumb\",\"itemListElement\":[{\"@type\":\"ListItem\",\"position\":1,\"name\":\"Startseite\",\"item\":\"https:\/\/apartnachtigall-pitztal.at\/en\/\"},{\"@type\":\"ListItem\",\"position\":2,\"name\":\"Winter\"}]},{\"@type\":\"WebSite\",\"@id\":\"https:\/\/apartnachtigall-pitztal.at\/#website\",\"url\":\"https:\/\/apartnachtigall-pitztal.at\/\",\"name\":\"Apart Garni Pitztaler Nachtigall\",\"description\":\"Ferienwohnungen Arzl im Pitztal\",\"potentialAction\":[{\"@type\":\"SearchAction\",\"target\":{\"@type\":\"EntryPoint\",\"urlTemplate\":\"https:\/\/apartnachtigall-pitztal.at\/?s={search_term_string}\"},\"query-input\":\"required name=search_term_string\"}],\"inLanguage\":\"en-US\"}]}<\/script>\n<!-- \/ Yoast SEO plugin. -->","yoast_head_json":{"title":"Ferienwohnung Pitztal | Winterurlaub | Tirol | Schnee","description":"Genie\u00dfen Sie im Winter mit Ihrer Familie oder Freunden Ihren Skiurlaub in unserem sch\u00f6nen Pitztal mit den neun Liftanlagen und 40km bestens pr\u00e4parierten Pisten.","robots":{"index":"index","follow":"follow","max-snippet":"max-snippet:-1","max-image-preview":"max-image-preview:large","max-video-preview":"max-video-preview:-1"},"canonical":"https:\/\/apartnachtigall-pitztal.at\/en\/winter\/","og_locale":"en_US","og_type":"article","og_title":"Ferienwohnung Pitztal | Winterurlaub | Tirol | Schnee","og_description":"Genie\u00dfen Sie im Winter mit Ihrer Familie oder Freunden Ihren Skiurlaub in unserem sch\u00f6nen Pitztal mit den neun Liftanlagen und 40km bestens pr\u00e4parierten Pisten.","og_url":"https:\/\/apartnachtigall-pitztal.at\/en\/winter\/","og_site_name":"Apart Garni Pitztaler Nachtigall","article_modified_time":"2024-01-24T14:00:11+00:00","twitter_card":"summary_large_image","twitter_misc":{"Est. reading time":"11 minutes"},"schema":{"@context":"https:\/\/schema.org","@graph":[{"@type":"WebPage","@id":"https:\/\/apartnachtigall-pitztal.at\/en\/winter\/","url":"https:\/\/apartnachtigall-pitztal.at\/en\/winter\/","name":"Ferienwohnung Pitztal | Winterurlaub | Tirol | Schnee","isPartOf":{"@id":"https:\/\/apartnachtigall-pitztal.at\/#website"},"datePublished":"2019-10-08T08:11:07+00:00","dateModified":"2024-01-24T14:00:11+00:00","description":"Genie\u00dfen Sie im Winter mit Ihrer Familie oder Freunden Ihren Skiurlaub in unserem sch\u00f6nen Pitztal mit den neun Liftanlagen und 40km bestens pr\u00e4parierten Pisten.","breadcrumb":{"@id":"https:\/\/apartnachtigall-pitztal.at\/en\/winter\/#breadcrumb"},"inLanguage":"en-US","potentialAction":[{"@type":"ReadAction","target":["https:\/\/apartnachtigall-pitztal.at\/en\/winter\/"]}]},{"@type":"BreadcrumbList","@id":"https:\/\/apartnachtigall-pitztal.at\/en\/winter\/#breadcrumb","itemListElement":[{"@type":"ListItem","position":1,"name":"Startseite","item":"https:\/\/apartnachtigall-pitztal.at\/en\/"},{"@type":"ListItem","position":2,"name":"Winter"}]},{"@type":"WebSite","@id":"https:\/\/apartnachtigall-pitztal.at\/#website","url":"https:\/\/apartnachtigall-pitztal.at\/","name":"Apart Garni Pitztaler Nachtigall","description":"Ferienwohnungen Arzl im Pitztal","potentialAction":[{"@type":"SearchAction","target":{"@type":"EntryPoint","urlTemplate":"https:\/\/apartnachtigall-pitztal.at\/?s={search_term_string}"},"query-input":"required name=search_term_string"}],"inLanguage":"en-US"}]}},"_links":{"self":[{"href":"https:\/\/apartnachtigall-pitztal.at\/en\/wp-json\/wp\/v2\/pages\/588"}],"collection":[{"href":"https:\/\/apartnachtigall-pitztal.at\/en\/wp-json\/wp\/v2\/pages"}],"about":[{"href":"https:\/\/apartnachtigall-pitztal.at\/en\/wp-json\/wp\/v2\/types\/page"}],"author":[{"embeddable":true,"href":"https:\/\/apartnachtigall-pitztal.at\/en\/wp-json\/wp\/v2\/users\/1"}],"replies":[{"embeddable":true,"href":"https:\/\/apartnachtigall-pitztal.at\/en\/wp-json\/wp\/v2\/comments?post=588"}],"version-history":[{"count":7,"href":"https:\/\/apartnachtigall-pitztal.at\/en\/wp-json\/wp\/v2\/pages\/588\/revisions"}],"predecessor-version":[{"id":1494,"href":"https:\/\/apartnachtigall-pitztal.at\/en\/wp-json\/wp\/v2\/pages\/588\/revisions\/1494"}],"wp:attachment":[{"href":"https:\/\/apartnachtigall-pitztal.at\/en\/wp-json\/wp\/v2\/media?parent=588"}],"curies":[{"name":"wp","href":"https:\/\/api.w.org\/{rel}","templated":true}]}}